{"id":916,"date":"2018-08-29T20:58:50","date_gmt":"2018-08-29T20:58:50","guid":{"rendered":"http:\/\/carecenter-okc.org\/\/?page_id=916"},"modified":"2024-07-26T11:36:09","modified_gmt":"2024-07-26T16:36:09","slug":"news-and-resources","status":"publish","type":"page","link":"https:\/\/carecenter-okc.org\/es\/news-and-resources\/","title":{"rendered":"Noticias y Recursos"},"content":{"rendered":"<div data-elementor-type=\"wp-post\" data-elementor-id=\"916\" class=\"elementor elementor-916\" data-elementor-post-type=\"page\">\n\t\t\t\t\t\t<section class=\"elementor-section elementor-top-section elementor-element elementor-element-43e2540 elementor-section-boxed elementor-section-height-default elementor-section-height-default\" data-id=\"43e2540\" data-element_type=\"section\">\n\t\t\t\t\t\t<div class=\"elementor-container elementor-column-gap-default\">\n\t\t\t\t\t<div class=\"elementor-column elementor-col-50 elementor-top-column elementor-element elementor-element-1d4e328\" data-id=\"1d4e328\" data-element_type=\"column\">\n\t\t\t<div class=\"elementor-widget-wrap elementor-element-populated\">\n\t\t\t\t\t\t<div class=\"elementor-element elementor-element-87b32ad elementor-widget elementor-widget-heading\" data-id=\"87b32ad\" data-element_type=\"widget\" data-widget_type=\"heading.default\">\n\t\t\t\t<div class=\"elementor-widget-container\">\n\t\t\t\t\t<h2 class=\"elementor-heading-title elementor-size-default\">Noticias y recursos<\/h2>\t\t\t\t<\/div>\n\t\t\t\t<\/div>\n\t\t\t\t<div class=\"elementor-element elementor-element-567bcf5 elementor-grid-2 elementor-grid-tablet-2 elementor-grid-mobile-1 elementor-posts--thumbnail-top elementor-card-shadow-yes elementor-posts__hover-gradient elementor-widget elementor-widget-posts\" data-id=\"567bcf5\" data-element_type=\"widget\" data-settings=\"{&quot;cards_columns&quot;:&quot;2&quot;,&quot;pagination_type&quot;:&quot;numbers_and_prev_next&quot;,&quot;cards_columns_tablet&quot;:&quot;2&quot;,&quot;cards_columns_mobile&quot;:&quot;1&quot;,&quot;cards_row_gap&quot;:{&quot;unit&quot;:&quot;px&quot;,&quot;size&quot;:35,&quot;sizes&quot;:[]},&quot;cards_row_gap_tablet&quot;:{&quot;unit&quot;:&quot;px&quot;,&quot;size&quot;:&quot;&quot;,&quot;sizes&quot;:[]},&quot;cards_row_gap_mobile&quot;:{&quot;unit&quot;:&quot;px&quot;,&quot;size&quot;:&quot;&quot;,&quot;sizes&quot;:[]}}\" data-widget_type=\"posts.cards\">\n\t\t\t\t<div class=\"elementor-widget-container\">\n\t\t\t\t\t\t\t<div class=\"elementor-posts-container elementor-posts elementor-posts--skin-cards elementor-grid\" role=\"list\">\n\t\t\t\t<article class=\"elementor-post elementor-grid-item post-15474 post type-post status-publish format-standard has-post-thumbnail hentry category-advocacy category-news tag-child-advocacy tag-children tag-education\" role=\"listitem\">\n\t\t\t<div class=\"elementor-post__card\">\n\t\t\t\t<a class=\"elementor-post__thumbnail__link\" href=\"https:\/\/carecenter-okc.org\/es\/see-us-in-the-news\/\" tabindex=\"-1\" ><div class=\"elementor-post__thumbnail\"><img fetchpriority=\"high\" decoding=\"async\" width=\"300\" height=\"169\" src=\"https:\/\/carecenter-okc.org\/wp-content\/uploads\/2025\/11\/Blog-Headers-15-300x169.png\" class=\"attachment-medium size-medium wp-image-15475\" alt=\"\" srcset=\"https:\/\/carecenter-okc.org\/wp-content\/uploads\/2025\/11\/Blog-Headers-15-300x169.png 300w, https:\/\/carecenter-okc.org\/wp-content\/uploads\/2025\/11\/Blog-Headers-15-1024x576.png 1024w, https:\/\/carecenter-okc.org\/wp-content\/uploads\/2025\/11\/Blog-Headers-15-768x432.png 768w, https:\/\/carecenter-okc.org\/wp-content\/uploads\/2025\/11\/Blog-Headers-15-18x10.png 18w, https:\/\/carecenter-okc.org\/wp-content\/uploads\/2025\/11\/Blog-Headers-15.png 1280w\" sizes=\"(max-width: 300px) 100vw, 300px\" \/><\/div><\/a>\n\t\t\t\t<div class=\"elementor-post__badge\">Abogac\u00eda<\/div>\n\t\t\t\t<div class=\"elementor-post__text\">\n\t\t\t\t<h3 class=\"elementor-post__title\">\n\t\t\t<a href=\"https:\/\/carecenter-okc.org\/es\/see-us-in-the-news\/\" >\n\t\t\t\tSee Us in the News\t\t\t<\/a>\n\t\t<\/h3>\n\t\t\t\t<div class=\"elementor-post__excerpt\">\n\t\t\t<p>Check out a curated list of news interviews and media features where The CARE Center has made waves. From local spotlights to national platforms, here\u2019s where we\u2019ve been sharing our story.<\/p>\n\t\t<\/div>\n\t\t\n\t\t<a class=\"elementor-post__read-more\" href=\"https:\/\/carecenter-okc.org\/es\/see-us-in-the-news\/\" aria-label=\"Read more about See Us in the News\" tabindex=\"-1\" >\n\t\t\t\u2192\t\t<\/a>\n\n\t\t\t\t<\/div>\n\t\t\t\t\t<\/div>\n\t\t<\/article>\n\t\t\t\t<article class=\"elementor-post elementor-grid-item post-15415 post type-post status-publish format-standard has-post-thumbnail hentry category-digital-resources category-education tag-child-abuse tag-child-advocacy tag-children tag-prevention tag-roar\" role=\"listitem\">\n\t\t\t<div class=\"elementor-post__card\">\n\t\t\t\t<a class=\"elementor-post__thumbnail__link\" href=\"https:\/\/carecenter-okc.org\/es\/breaking-the-silence-how-domestic-violence-affects-children\/\" tabindex=\"-1\" ><div class=\"elementor-post__thumbnail\"><img decoding=\"async\" width=\"300\" height=\"169\" src=\"https:\/\/carecenter-okc.org\/wp-content\/uploads\/2025\/10\/Blog-Headers-14-300x169.png\" class=\"attachment-medium size-medium wp-image-15416\" alt=\"\" srcset=\"https:\/\/carecenter-okc.org\/wp-content\/uploads\/2025\/10\/Blog-Headers-14-300x169.png 300w, https:\/\/carecenter-okc.org\/wp-content\/uploads\/2025\/10\/Blog-Headers-14-1024x576.png 1024w, https:\/\/carecenter-okc.org\/wp-content\/uploads\/2025\/10\/Blog-Headers-14-768x432.png 768w, https:\/\/carecenter-okc.org\/wp-content\/uploads\/2025\/10\/Blog-Headers-14-18x10.png 18w, https:\/\/carecenter-okc.org\/wp-content\/uploads\/2025\/10\/Blog-Headers-14.png 1280w\" sizes=\"(max-width: 300px) 100vw, 300px\" \/><\/div><\/a>\n\t\t\t\t<div class=\"elementor-post__badge\">Recursos digitales<\/div>\n\t\t\t\t<div class=\"elementor-post__text\">\n\t\t\t\t<h3 class=\"elementor-post__title\">\n\t\t\t<a href=\"https:\/\/carecenter-okc.org\/es\/breaking-the-silence-how-domestic-violence-affects-children\/\" >\n\t\t\t\tBreaking the Silence: How Domestic Violence Affects Children\t\t\t<\/a>\n\t\t<\/h3>\n\t\t\t\t<div class=\"elementor-post__excerpt\">\n\t\t\t<p>October is Domestic Violence Awareness Month. Learn how domestic violence affects children and what CAC&#8217;s are doing to help. <\/p>\n\t\t<\/div>\n\t\t\n\t\t<a class=\"elementor-post__read-more\" href=\"https:\/\/carecenter-okc.org\/es\/breaking-the-silence-how-domestic-violence-affects-children\/\" aria-label=\"Read more about Breaking the Silence: How Domestic Violence Affects Children\" tabindex=\"-1\" >\n\t\t\t\u2192\t\t<\/a>\n\n\t\t\t\t<\/div>\n\t\t\t\t\t<\/div>\n\t\t<\/article>\n\t\t\t\t<article class=\"elementor-post elementor-grid-item post-15308 post type-post status-publish format-standard has-post-thumbnail hentry category-news tag-child-advocacy tag-children tag-education\" role=\"listitem\">\n\t\t\t<div class=\"elementor-post__card\">\n\t\t\t\t<a class=\"elementor-post__thumbnail__link\" href=\"https:\/\/carecenter-okc.org\/es\/10-4-facesp-a-tool-to-spot-possible-child-abuse-in-children-4-under\/\" tabindex=\"-1\" ><div class=\"elementor-post__thumbnail\"><img decoding=\"async\" width=\"300\" height=\"169\" src=\"https:\/\/carecenter-okc.org\/wp-content\/uploads\/2025\/10\/Blog-Headers-13-300x169.png\" class=\"attachment-medium size-medium wp-image-15309\" alt=\"\" srcset=\"https:\/\/carecenter-okc.org\/wp-content\/uploads\/2025\/10\/Blog-Headers-13-300x169.png 300w, https:\/\/carecenter-okc.org\/wp-content\/uploads\/2025\/10\/Blog-Headers-13-1024x576.png 1024w, https:\/\/carecenter-okc.org\/wp-content\/uploads\/2025\/10\/Blog-Headers-13-768x432.png 768w, https:\/\/carecenter-okc.org\/wp-content\/uploads\/2025\/10\/Blog-Headers-13-18x10.png 18w, https:\/\/carecenter-okc.org\/wp-content\/uploads\/2025\/10\/Blog-Headers-13.png 1280w\" sizes=\"(max-width: 300px) 100vw, 300px\" \/><\/div><\/a>\n\t\t\t\t<div class=\"elementor-post__badge\">Noticias<\/div>\n\t\t\t\t<div class=\"elementor-post__text\">\n\t\t\t\t<h3 class=\"elementor-post__title\">\n\t\t\t<a href=\"https:\/\/carecenter-okc.org\/es\/10-4-facesp-a-tool-to-spot-possible-child-abuse-in-children-4-under\/\" >\n\t\t\t\t10-4-FACESp: A Tool to Spot Possible Child Abuse In Children 4 &amp; Under\t\t\t<\/a>\n\t\t<\/h3>\n\t\t\t\t<div class=\"elementor-post__excerpt\">\n\t\t\t<p>Learn how to spot child abuse in children under 4 and celebrate 10-4 day with Oklahoma medical providers!<\/p>\n\t\t<\/div>\n\t\t\n\t\t<a class=\"elementor-post__read-more\" href=\"https:\/\/carecenter-okc.org\/es\/10-4-facesp-a-tool-to-spot-possible-child-abuse-in-children-4-under\/\" aria-label=\"Read more about 10-4-FACESp: A Tool to Spot Possible Child Abuse In Children 4 &amp; Under\" tabindex=\"-1\" >\n\t\t\t\u2192\t\t<\/a>\n\n\t\t\t\t<\/div>\n\t\t\t\t\t<\/div>\n\t\t<\/article>\n\t\t\t\t<article class=\"elementor-post elementor-grid-item post-15274 post type-post status-publish format-standard has-post-thumbnail hentry category-digital-resources category-education tag-child-abuse tag-child-advocacy tag-children tag-prevention tag-roar\" role=\"listitem\">\n\t\t\t<div class=\"elementor-post__card\">\n\t\t\t\t<a class=\"elementor-post__thumbnail__link\" href=\"https:\/\/carecenter-okc.org\/es\/roar-expands-child-abuse-prevention-book-adds-spanish-second-edition\/\" tabindex=\"-1\" ><div class=\"elementor-post__thumbnail\"><img loading=\"lazy\" decoding=\"async\" width=\"300\" height=\"169\" src=\"https:\/\/carecenter-okc.org\/wp-content\/uploads\/2025\/08\/Blog-Headers-9-300x169.png\" class=\"attachment-medium size-medium wp-image-15112\" alt=\"\" srcset=\"https:\/\/carecenter-okc.org\/wp-content\/uploads\/2025\/08\/Blog-Headers-9-300x169.png 300w, https:\/\/carecenter-okc.org\/wp-content\/uploads\/2025\/08\/Blog-Headers-9-1024x576.png 1024w, https:\/\/carecenter-okc.org\/wp-content\/uploads\/2025\/08\/Blog-Headers-9-768x432.png 768w, https:\/\/carecenter-okc.org\/wp-content\/uploads\/2025\/08\/Blog-Headers-9-18x10.png 18w, https:\/\/carecenter-okc.org\/wp-content\/uploads\/2025\/08\/Blog-Headers-9.png 1280w\" sizes=\"(max-width: 300px) 100vw, 300px\" \/><\/div><\/a>\n\t\t\t\t<div class=\"elementor-post__badge\">Recursos digitales<\/div>\n\t\t\t\t<div class=\"elementor-post__text\">\n\t\t\t\t<h3 class=\"elementor-post__title\">\n\t\t\t<a href=\"https:\/\/carecenter-okc.org\/es\/roar-expands-child-abuse-prevention-book-adds-spanish-second-edition\/\" >\n\t\t\t\tROAR se expande: El libro de prevenci\u00f3n del maltrato infantil incorpora espa\u00f1ol y una segunda edici\u00f3n.\t\t\t<\/a>\n\t\t<\/h3>\n\t\t\t\t<div class=\"elementor-post__excerpt\">\n\t\t\t<p>\u00a1Rex ha vuelto! \u00a1Descubre c\u00f3mo los ni\u00f1os de tu vida pueden encontrar su rugido con Rex!<\/p>\n\t\t<\/div>\n\t\t\n\t\t<a class=\"elementor-post__read-more\" href=\"https:\/\/carecenter-okc.org\/es\/roar-expands-child-abuse-prevention-book-adds-spanish-second-edition\/\" aria-label=\"Read more about ROAR Expands: Child Abuse Prevention Book Adds Spanish &amp; Second Edition\" tabindex=\"-1\" >\n\t\t\t\u2192\t\t<\/a>\n\n\t\t\t\t<\/div>\n\t\t\t\t\t<\/div>\n\t\t<\/article>\n\t\t\t\t<article class=\"elementor-post elementor-grid-item post-15267 post type-post status-publish format-standard has-post-thumbnail hentry category-news tag-child-advocacy tag-children tag-education\" role=\"listitem\">\n\t\t\t<div class=\"elementor-post__card\">\n\t\t\t\t<a class=\"elementor-post__thumbnail__link\" href=\"https:\/\/carecenter-okc.org\/es\/what-caregivers-should-know-about-child-safety\/\" tabindex=\"-1\" ><div class=\"elementor-post__thumbnail\"><img loading=\"lazy\" decoding=\"async\" width=\"300\" height=\"169\" src=\"https:\/\/carecenter-okc.org\/wp-content\/uploads\/2025\/09\/Blog-Headers-10-300x169.png\" class=\"attachment-medium size-medium wp-image-15272\" alt=\"\" srcset=\"https:\/\/carecenter-okc.org\/wp-content\/uploads\/2025\/09\/Blog-Headers-10-300x169.png 300w, https:\/\/carecenter-okc.org\/wp-content\/uploads\/2025\/09\/Blog-Headers-10-1024x576.png 1024w, https:\/\/carecenter-okc.org\/wp-content\/uploads\/2025\/09\/Blog-Headers-10-768x432.png 768w, https:\/\/carecenter-okc.org\/wp-content\/uploads\/2025\/09\/Blog-Headers-10-18x10.png 18w, https:\/\/carecenter-okc.org\/wp-content\/uploads\/2025\/09\/Blog-Headers-10.png 1280w\" sizes=\"(max-width: 300px) 100vw, 300px\" \/><\/div><\/a>\n\t\t\t\t<div class=\"elementor-post__badge\">Noticias<\/div>\n\t\t\t\t<div class=\"elementor-post__text\">\n\t\t\t\t<h3 class=\"elementor-post__title\">\n\t\t\t<a href=\"https:\/\/carecenter-okc.org\/es\/what-caregivers-should-know-about-child-safety\/\" >\n\t\t\t\tLo que los cuidadores deben saber sobre la seguridad infantil\t\t\t<\/a>\n\t\t<\/h3>\n\t\t\t\t<div class=\"elementor-post__excerpt\">\n\t\t\t<p>Whitney, coordinadora de salud mental en The CARE Center, comparte c\u00f3mo Nelson, un perro de terapia en entrenamiento, ayudar\u00e1 a los ni\u00f1os a sanar despu\u00e9s del abuso. <\/p>\n\t\t<\/div>\n\t\t\n\t\t<a class=\"elementor-post__read-more\" href=\"https:\/\/carecenter-okc.org\/es\/what-caregivers-should-know-about-child-safety\/\" aria-label=\"Read more about What Caregivers Should Know About Child Safety\" tabindex=\"-1\" >\n\t\t\t\u2192\t\t<\/a>\n\n\t\t\t\t<\/div>\n\t\t\t\t\t<\/div>\n\t\t<\/article>\n\t\t\t\t<article class=\"elementor-post elementor-grid-item post-15069 post type-post status-publish format-standard has-post-thumbnail hentry category-advocacy category-education category-victim-services tag-child-advocacy tag-children tag-prevention tag-technology tag-victim-services\" role=\"listitem\">\n\t\t\t<div class=\"elementor-post__card\">\n\t\t\t\t<a class=\"elementor-post__thumbnail__link\" href=\"https:\/\/carecenter-okc.org\/es\/staying-safe-online-how-caregivers-can-spot-the-signs-of-online-grooming\/\" tabindex=\"-1\" ><div class=\"elementor-post__thumbnail\"><img loading=\"lazy\" decoding=\"async\" width=\"300\" height=\"169\" src=\"https:\/\/carecenter-okc.org\/wp-content\/uploads\/2025\/08\/Blog-Headers-9-300x169.png\" class=\"attachment-medium size-medium wp-image-15112\" alt=\"\" srcset=\"https:\/\/carecenter-okc.org\/wp-content\/uploads\/2025\/08\/Blog-Headers-9-300x169.png 300w, https:\/\/carecenter-okc.org\/wp-content\/uploads\/2025\/08\/Blog-Headers-9-1024x576.png 1024w, https:\/\/carecenter-okc.org\/wp-content\/uploads\/2025\/08\/Blog-Headers-9-768x432.png 768w, https:\/\/carecenter-okc.org\/wp-content\/uploads\/2025\/08\/Blog-Headers-9-18x10.png 18w, https:\/\/carecenter-okc.org\/wp-content\/uploads\/2025\/08\/Blog-Headers-9.png 1280w\" sizes=\"(max-width: 300px) 100vw, 300px\" \/><\/div><\/a>\n\t\t\t\t<div class=\"elementor-post__badge\">Abogac\u00eda<\/div>\n\t\t\t\t<div class=\"elementor-post__text\">\n\t\t\t\t<h3 class=\"elementor-post__title\">\n\t\t\t<a href=\"https:\/\/carecenter-okc.org\/es\/staying-safe-online-how-caregivers-can-spot-the-signs-of-online-grooming\/\" >\n\t\t\t\tC\u00f3mo mantenerse seguro en l\u00ednea: C\u00f3mo los cuidadores pueden detectar las se\u00f1ales de acoso cibern\u00e9tico\t\t\t<\/a>\n\t\t<\/h3>\n\t\t\t\t<div class=\"elementor-post__excerpt\">\n\t\t\t<p>Aprende c\u00f3mo proteger a los ni\u00f1os de tu entorno de las t\u00e9cnicas de acoso en l\u00ednea. <\/p>\n\t\t<\/div>\n\t\t\n\t\t<a class=\"elementor-post__read-more\" href=\"https:\/\/carecenter-okc.org\/es\/staying-safe-online-how-caregivers-can-spot-the-signs-of-online-grooming\/\" aria-label=\"Read more about Staying Safe Online: How Caregivers Can Spot the Signs of Online Grooming\" tabindex=\"-1\" >\n\t\t\t\u2192\t\t<\/a>\n\n\t\t\t\t<\/div>\n\t\t\t\t\t<\/div>\n\t\t<\/article>\n\t\t\t\t<article class=\"elementor-post elementor-grid-item post-14778 post type-post status-publish format-standard has-post-thumbnail hentry category-news tag-child-advocacy tag-children tag-education tag-prevention-education\" role=\"listitem\">\n\t\t\t<div class=\"elementor-post__card\">\n\t\t\t\t<a class=\"elementor-post__thumbnail__link\" href=\"https:\/\/carecenter-okc.org\/es\/how-to-discuss-summer-safety-tips-with-your-child\/\" tabindex=\"-1\" ><div class=\"elementor-post__thumbnail\"><img loading=\"lazy\" decoding=\"async\" width=\"300\" height=\"169\" src=\"https:\/\/carecenter-okc.org\/wp-content\/uploads\/2025\/07\/Blog-Headers-6-300x169.png\" class=\"attachment-medium size-medium wp-image-14779\" alt=\"\" srcset=\"https:\/\/carecenter-okc.org\/wp-content\/uploads\/2025\/07\/Blog-Headers-6-300x169.png 300w, https:\/\/carecenter-okc.org\/wp-content\/uploads\/2025\/07\/Blog-Headers-6-1024x576.png 1024w, https:\/\/carecenter-okc.org\/wp-content\/uploads\/2025\/07\/Blog-Headers-6-768x432.png 768w, https:\/\/carecenter-okc.org\/wp-content\/uploads\/2025\/07\/Blog-Headers-6-18x10.png 18w, https:\/\/carecenter-okc.org\/wp-content\/uploads\/2025\/07\/Blog-Headers-6.png 1280w\" sizes=\"(max-width: 300px) 100vw, 300px\" \/><\/div><\/a>\n\t\t\t\t<div class=\"elementor-post__badge\">Noticias<\/div>\n\t\t\t\t<div class=\"elementor-post__text\">\n\t\t\t\t<h3 class=\"elementor-post__title\">\n\t\t\t<a href=\"https:\/\/carecenter-okc.org\/es\/how-to-discuss-summer-safety-tips-with-your-child\/\" >\n\t\t\t\tHow to discuss summer safety tips with your child\t\t\t<\/a>\n\t\t<\/h3>\n\t\t\t\t<div class=\"elementor-post__excerpt\">\n\t\t\t<p>Shelby Lynch, Director of Prevention &#038; Outreach shares the best ways to discuss safety tips with your children this summer.<\/p>\n\t\t<\/div>\n\t\t\n\t\t<a class=\"elementor-post__read-more\" href=\"https:\/\/carecenter-okc.org\/es\/how-to-discuss-summer-safety-tips-with-your-child\/\" aria-label=\"Read more about How to discuss summer safety tips with your child\" tabindex=\"-1\" >\n\t\t\t\u2192\t\t<\/a>\n\n\t\t\t\t<\/div>\n\t\t\t\t\t<\/div>\n\t\t<\/article>\n\t\t\t\t<article class=\"elementor-post elementor-grid-item post-14379 post type-post status-publish format-standard has-post-thumbnail hentry category-news tag-child-advocacy tag-children tag-education tag-mental-health\" role=\"listitem\">\n\t\t\t<div class=\"elementor-post__card\">\n\t\t\t\t<a class=\"elementor-post__thumbnail__link\" href=\"https:\/\/carecenter-okc.org\/es\/strategies-to-stop-the-summer-slide-with-hannah-griffis\/\" tabindex=\"-1\" ><div class=\"elementor-post__thumbnail\"><img loading=\"lazy\" decoding=\"async\" width=\"300\" height=\"169\" src=\"https:\/\/carecenter-okc.org\/wp-content\/uploads\/2025\/06\/Blog-Headers-4-300x169.png\" class=\"attachment-medium size-medium wp-image-14380\" alt=\"\" srcset=\"https:\/\/carecenter-okc.org\/wp-content\/uploads\/2025\/06\/Blog-Headers-4-300x169.png 300w, https:\/\/carecenter-okc.org\/wp-content\/uploads\/2025\/06\/Blog-Headers-4-1024x576.png 1024w, https:\/\/carecenter-okc.org\/wp-content\/uploads\/2025\/06\/Blog-Headers-4-768x432.png 768w, https:\/\/carecenter-okc.org\/wp-content\/uploads\/2025\/06\/Blog-Headers-4-18x10.png 18w, https:\/\/carecenter-okc.org\/wp-content\/uploads\/2025\/06\/Blog-Headers-4.png 1280w\" sizes=\"(max-width: 300px) 100vw, 300px\" \/><\/div><\/a>\n\t\t\t\t<div class=\"elementor-post__badge\">Noticias<\/div>\n\t\t\t\t<div class=\"elementor-post__text\">\n\t\t\t\t<h3 class=\"elementor-post__title\">\n\t\t\t<a href=\"https:\/\/carecenter-okc.org\/es\/strategies-to-stop-the-summer-slide-with-hannah-griffis\/\" >\n\t\t\t\tStrategies to Stop the Summer Slide with Hannah Griffis\t\t\t<\/a>\n\t\t<\/h3>\n\t\t\t\t<div class=\"elementor-post__excerpt\">\n\t\t\t<p>Hannah Griffis, Director of Mental Health at The CARE Center joins KFOR to discuss the summer slide and how we can keep kids safe and busy this summer. <\/p>\n\t\t<\/div>\n\t\t\n\t\t<a class=\"elementor-post__read-more\" href=\"https:\/\/carecenter-okc.org\/es\/strategies-to-stop-the-summer-slide-with-hannah-griffis\/\" aria-label=\"Read more about Strategies to Stop the Summer Slide with Hannah Griffis\" tabindex=\"-1\" >\n\t\t\t\u2192\t\t<\/a>\n\n\t\t\t\t<\/div>\n\t\t\t\t\t<\/div>\n\t\t<\/article>\n\t\t\t\t<\/div>\n\t\t\n\t\t\t\t<div class=\"e-load-more-anchor\" data-page=\"1\" data-max-page=\"12\" data-next-page=\"https:\/\/carecenter-okc.org\/es\/wp-json\/wp\/v2\/pages\/916\/page\/2\/\"><\/div>\n\t\t\t\t<nav class=\"elementor-pagination\" aria-label=\"Pagination\">\n\t\t\t<span class=\"page-numbers prev\">&quot; Anterior<\/span>\n<span aria-current=\"page\" class=\"page-numbers current\"><span class=\"elementor-screen-only\">Page<\/span>1<\/span>\n<a class=\"page-numbers\" href=\"https:\/\/carecenter-okc.org\/es\/wp-json\/wp\/v2\/pages\/916\/page\/2\/\"><span class=\"elementor-screen-only\">Page<\/span>2<\/a>\n<a class=\"page-numbers\" href=\"https:\/\/carecenter-okc.org\/es\/wp-json\/wp\/v2\/pages\/916\/page\/3\/\"><span class=\"elementor-screen-only\">Page<\/span>3<\/a>\n<a class=\"page-numbers\" href=\"https:\/\/carecenter-okc.org\/es\/wp-json\/wp\/v2\/pages\/916\/page\/4\/\"><span class=\"elementor-screen-only\">Page<\/span>4<\/a>\n<a class=\"page-numbers\" href=\"https:\/\/carecenter-okc.org\/es\/wp-json\/wp\/v2\/pages\/916\/page\/5\/\"><span class=\"elementor-screen-only\">Page<\/span>5<\/a>\n<a class=\"page-numbers next\" href=\"https:\/\/carecenter-okc.org\/es\/wp-json\/wp\/v2\/pages\/916\/page\/2\/\">Pr\u00f3ximo &quot;<\/a>\t\t<\/nav>\n\t\t\t\t\t\t<\/div>\n\t\t\t\t<\/div>\n\t\t\t\t\t<\/div>\n\t\t<\/div>\n\t\t\t\t<div class=\"elementor-column elementor-col-50 elementor-top-column elementor-element elementor-element-4082ec3\" data-id=\"4082ec3\" data-element_type=\"column\">\n\t\t\t<div class=\"elementor-widget-wrap elementor-element-populated\">\n\t\t\t\t\t\t<div class=\"elementor-element elementor-element-1f688dc elementor-widget elementor-widget-heading\" data-id=\"1f688dc\" data-element_type=\"widget\" data-widget_type=\"heading.default\">\n\t\t\t\t<div class=\"elementor-widget-container\">\n\t\t\t\t\t<h4 class=\"elementor-heading-title elementor-size-default\">\u00bfEn busca de algo?<\/h4>\t\t\t\t<\/div>\n\t\t\t\t<\/div>\n\t\t\t\t<div class=\"elementor-element elementor-element-12793bb elementor-search-form--skin-classic elementor-search-form--button-type-icon elementor-search-form--icon-search elementor-widget elementor-widget-search-form\" data-id=\"12793bb\" data-element_type=\"widget\" data-settings=\"{&quot;skin&quot;:&quot;classic&quot;}\" data-widget_type=\"search-form.default\">\n\t\t\t\t<div class=\"elementor-widget-container\">\n\t\t\t\t\t\t\t<search role=\"search\">\n\t\t\t<form class=\"elementor-search-form\" action=\"https:\/\/carecenter-okc.org\/es\/\" method=\"get\" data-trp-original-action=\"https:\/\/carecenter-okc.org\/es\">\n\t\t\t\t\t\t\t\t\t\t\t\t<div class=\"elementor-search-form__container\">\n\t\t\t\t\t<label class=\"elementor-screen-only\" for=\"elementor-search-form-12793bb\">Search<\/label>\n\n\t\t\t\t\t\n\t\t\t\t\t<input id=\"elementor-search-form-12793bb\" placeholder=\"B\u00fasqueda...\" class=\"elementor-search-form__input\" type=\"search\" name=\"s\" value=\"\">\n\t\t\t\t\t\n\t\t\t\t\t\t\t\t\t\t\t<button class=\"elementor-search-form__submit\" type=\"submit\" aria-label=\"Search\">\n\t\t\t\t\t\t\t\t\t\t\t\t\t\t\t<i aria-hidden=\"true\" class=\"fas fa-search\"><\/i>\t\t\t\t\t\t\t\t\t\t\t\t\t<\/button>\n\t\t\t\t\t\n\t\t\t\t\t\t\t\t\t<\/div>\n\t\t\t<input type=\"hidden\" name=\"trp-form-language\" value=\"es\"\/><\/form>\n\t\t<\/search>\n\t\t\t\t\t\t<\/div>\n\t\t\t\t<\/div>\n\t\t\t\t<div class=\"elementor-element elementor-element-c6af187 elementor-widget elementor-widget-wp-widget-categories\" data-id=\"c6af187\" data-element_type=\"widget\" data-widget_type=\"wp-widget-categories.default\">\n\t\t\t\t<div class=\"elementor-widget-container\">\n\t\t\t\t\t<h5>Categor\u00edas de publicaciones<\/h5><nav aria-label=\"Categor\u00edas de publicaciones\">\n\t\t\t<ul>\n\t\t\t\t\t<li class=\"cat-item cat-item-14\"><a href=\"https:\/\/carecenter-okc.org\/es\/category\/advocacy\/\">Abogac\u00eda<\/a> (32)\n<\/li>\n\t<li class=\"cat-item cat-item-1201\"><a href=\"https:\/\/carecenter-okc.org\/es\/category\/annual-report\/\">Reporte anual<\/a> (5)\n<\/li>\n\t<li class=\"cat-item cat-item-186\"><a href=\"https:\/\/carecenter-okc.org\/es\/category\/careers\/\">Carreras<\/a> (1)\n<\/li>\n\t<li class=\"cat-item cat-item-1196\"><a href=\"https:\/\/carecenter-okc.org\/es\/category\/collaborative-care\/\">ATENCI\u00d3N colaborativa<\/a> (8)\n<\/li>\n\t<li class=\"cat-item cat-item-945\"><a href=\"https:\/\/carecenter-okc.org\/es\/category\/covid-19-resources\/\">Recursos COVID-19<\/a> (9)\n<\/li>\n\t<li class=\"cat-item cat-item-960\"><a href=\"https:\/\/carecenter-okc.org\/es\/category\/digital-resources\/\">Recursos digitales<\/a> (8)\n<\/li>\n\t<li class=\"cat-item cat-item-13\"><a href=\"https:\/\/carecenter-okc.org\/es\/category\/education\/\">Educaci\u00f3n<\/a> (27)\n<\/li>\n\t<li class=\"cat-item cat-item-1117\"><a href=\"https:\/\/carecenter-okc.org\/es\/category\/events\/\">Eventos<\/a> (2)\n<\/li>\n\t<li class=\"cat-item cat-item-1199\"><a href=\"https:\/\/carecenter-okc.org\/es\/category\/human-trafficking\/\">trata de personas<\/a> (2)\n<\/li>\n\t<li class=\"cat-item cat-item-1198\"><a href=\"https:\/\/carecenter-okc.org\/es\/category\/lbtq-resources\/\">Recursos LGBTQ+<\/a> (2)\n<\/li>\n\t<li class=\"cat-item cat-item-1197\"><a href=\"https:\/\/carecenter-okc.org\/es\/category\/mental-health\/\">Salud mental<\/a> (10)\n<\/li>\n\t<li class=\"cat-item cat-item-183\"><a href=\"https:\/\/carecenter-okc.org\/es\/category\/news\/\">Noticias<\/a> (29)\n<\/li>\n\t<li class=\"cat-item cat-item-809\"><a href=\"https:\/\/carecenter-okc.org\/es\/category\/recognizing-and-reporting-child-abuse\/\">Reconocer y denunciar el abuso infantil<\/a> (6)\n<\/li>\n\t<li class=\"cat-item cat-item-1\"><a href=\"https:\/\/carecenter-okc.org\/es\/category\/uncategorized\/\">Uncategorized<\/a> (1)\n<\/li>\n\t<li class=\"cat-item cat-item-1200\"><a href=\"https:\/\/carecenter-okc.org\/es\/category\/victim-services\/\">Servicios para v\u00edctimas<\/a> (7)\n<\/li>\n\t\t\t<\/ul>\n\n\t\t\t<\/nav>\t\t\t\t<\/div>\n\t\t\t\t<\/div>\n\t\t\t\t\t<\/div>\n\t\t<\/div>\n\t\t\t\t\t<\/div>\n\t\t<\/section>\n\t\t\t\t<\/div>","protected":false},"excerpt":{"rendered":"<p>News &amp; Resources Looking for Something?<\/p>","protected":false},"author":1,"featured_media":0,"parent":0,"menu_order":0,"comment_status":"closed","ping_status":"closed","template":"","meta":{"_acf_changed":false,"om_disable_all_campaigns":false,"_monsterinsights_skip_tracking":false,"_monsterinsights_sitenote_active":false,"_monsterinsights_sitenote_note":"","_monsterinsights_sitenote_category":0,"_uf_show_specific_survey":0,"_uf_disable_surveys":false,"site-sidebar-layout":"no-sidebar","site-content-layout":"page-builder","ast-site-content-layout":"default","site-content-style":"default","site-sidebar-style":"default","ast-global-header-display":"","ast-banner-title-visibility":"","ast-main-header-display":"","ast-hfb-above-header-display":"","ast-hfb-below-header-display":"","ast-hfb-mobile-header-display":"","site-post-title":"disabled","ast-breadcrumbs-content":"","ast-featured-img":"disabled","footer-sml-layout":"","theme-transparent-header-meta":"","adv-header-id-meta":"","stick-header-meta":"","header-above-stick-meta":"","header-main-stick-meta":"","header-below-stick-meta":"","astra-migrate-meta-layouts":"default","ast-page-background-enabled":"default","ast-page-background-meta":{"desktop":{"background-color":"","background-image":"","background-repeat":"repeat","background-position":"center center","background-size":"auto","background-attachment":"scroll","background-type":"","background-media":"","overlay-type":"","overlay-color":"","overlay-opacity":"","overlay-gradient":""},"tablet":{"background-color":"","background-image":"","background-repeat":"repeat","background-position":"center center","background-size":"auto","background-attachment":"scroll","background-type":"","background-media":"","overlay-type":"","overlay-color":"","overlay-opacity":"","overlay-gradient":""},"mobile":{"background-color":"","background-image":"","background-repeat":"repeat","background-position":"center center","background-size":"auto","background-attachment":"scroll","background-type":"","background-media":"","overlay-type":"","overlay-color":"","overlay-opacity":"","overlay-gradient":""}},"ast-content-background-meta":{"desktop":{"background-color":"var(--ast-global-color-5)","background-image":"","background-repeat":"repeat","background-position":"center center","background-size":"auto","background-attachment":"scroll","background-type":"","background-media":"","overlay-type":"","overlay-color":"","overlay-opacity":"","overlay-gradient":""},"tablet":{"background-color":"var(--ast-global-color-5)","background-image":"","background-repeat":"repeat","background-position":"center center","background-size":"auto","background-attachment":"scroll","background-type":"","background-media":"","overlay-type":"","overlay-color":"","overlay-opacity":"","overlay-gradient":""},"mobile":{"background-color":"var(--ast-global-color-5)","background-image":"","background-repeat":"repeat","background-position":"center center","background-size":"auto","background-attachment":"scroll","background-type":"","background-media":"","overlay-type":"","overlay-color":"","overlay-opacity":"","overlay-gradient":""}},"footnotes":""},"class_list":["post-916","page","type-page","status-publish","hentry"],"acf":[],"yoast_head":"<!-- This site is optimized with the Yoast SEO Premium plugin v26.5 (Yoast SEO v27.4) - https:\/\/yoast.com\/product\/yoast-seo-premium-wordpress\/ -->\n<title>News and Resources - The CARE Center<\/title>\n<meta name=\"robots\" content=\"index, follow, max-snippet:-1, max-image-preview:large, max-video-preview:-1\" \/>\n<link rel=\"canonical\" href=\"https:\/\/carecenter-okc.org\/es\/news-and-resources\/\" \/>\n<meta property=\"og:locale\" content=\"es_MX\" \/>\n<meta property=\"og:type\" content=\"article\" \/>\n<meta property=\"og:title\" content=\"News and Resources\" \/>\n<meta property=\"og:description\" content=\"News &amp; Resources Looking for Something?\" \/>\n<meta property=\"og:url\" content=\"https:\/\/carecenter-okc.org\/es\/news-and-resources\/\" \/>\n<meta property=\"og:site_name\" content=\"The CARE Center\" \/>\n<meta property=\"article:modified_time\" content=\"2024-07-26T16:36:09+00:00\" \/>\n<meta name=\"twitter:card\" content=\"summary_large_image\" \/>\n<meta name=\"twitter:label1\" content=\"Tiempo de lectura\" \/>\n\t<meta name=\"twitter:data1\" content=\"4 minutos\" \/>\n<script type=\"application\/ld+json\" class=\"yoast-schema-graph\">{\"@context\":\"https:\\\/\\\/schema.org\",\"@graph\":[{\"@type\":\"WebPage\",\"@id\":\"https:\\\/\\\/carecenter-okc.org\\\/news-and-resources\\\/\",\"url\":\"https:\\\/\\\/carecenter-okc.org\\\/news-and-resources\\\/\",\"name\":\"News and Resources - The CARE Center\",\"isPartOf\":{\"@id\":\"https:\\\/\\\/carecenter-okc.org\\\/#website\"},\"datePublished\":\"2018-08-29T20:58:50+00:00\",\"dateModified\":\"2024-07-26T16:36:09+00:00\",\"breadcrumb\":{\"@id\":\"https:\\\/\\\/carecenter-okc.org\\\/news-and-resources\\\/#breadcrumb\"},\"inLanguage\":\"es\",\"potentialAction\":[{\"@type\":\"ReadAction\",\"target\":[\"https:\\\/\\\/carecenter-okc.org\\\/news-and-resources\\\/\"]}]},{\"@type\":\"BreadcrumbList\",\"@id\":\"https:\\\/\\\/carecenter-okc.org\\\/news-and-resources\\\/#breadcrumb\",\"itemListElement\":[{\"@type\":\"ListItem\",\"position\":1,\"name\":\"Home\",\"item\":\"https:\\\/\\\/carecenter-okc.org\\\/\"},{\"@type\":\"ListItem\",\"position\":2,\"name\":\"News and Resources\"}]},{\"@type\":\"WebSite\",\"@id\":\"https:\\\/\\\/carecenter-okc.org\\\/#website\",\"url\":\"https:\\\/\\\/carecenter-okc.org\\\/\",\"name\":\"The CARE Center\",\"description\":\"Oklahoma County&#039;s Child Advocacy Center\",\"publisher\":{\"@id\":\"https:\\\/\\\/carecenter-okc.org\\\/#organization\"},\"potentialAction\":[{\"@type\":\"SearchAction\",\"target\":{\"@type\":\"EntryPoint\",\"urlTemplate\":\"https:\\\/\\\/carecenter-okc.org\\\/?s={search_term_string}\"},\"query-input\":{\"@type\":\"PropertyValueSpecification\",\"valueRequired\":true,\"valueName\":\"search_term_string\"}}],\"inLanguage\":\"es\"},{\"@type\":\"Organization\",\"@id\":\"https:\\\/\\\/carecenter-okc.org\\\/#organization\",\"name\":\"The CARE Center\",\"url\":\"https:\\\/\\\/carecenter-okc.org\\\/\",\"logo\":{\"@type\":\"ImageObject\",\"inLanguage\":\"es\",\"@id\":\"https:\\\/\\\/carecenter-okc.org\\\/#\\\/schema\\\/logo\\\/image\\\/\",\"url\":\"https:\\\/\\\/carecenter-okc.org\\\/wp-content\\\/uploads\\\/2020\\\/05\\\/CARELogo_Horiz_A.png\",\"contentUrl\":\"https:\\\/\\\/carecenter-okc.org\\\/wp-content\\\/uploads\\\/2020\\\/05\\\/CARELogo_Horiz_A.png\",\"width\":9462,\"height\":2194,\"caption\":\"The CARE Center\"},\"image\":{\"@id\":\"https:\\\/\\\/carecenter-okc.org\\\/#\\\/schema\\\/logo\\\/image\\\/\"}}]}<\/script>\n<!-- \/ Yoast SEO Premium plugin. -->","yoast_head_json":{"title":"News and Resources - The CARE Center","robots":{"index":"index","follow":"follow","max-snippet":"max-snippet:-1","max-image-preview":"max-image-preview:large","max-video-preview":"max-video-preview:-1"},"canonical":"https:\/\/carecenter-okc.org\/es\/news-and-resources\/","og_locale":"es_MX","og_type":"article","og_title":"News and Resources","og_description":"News &amp; Resources Looking for Something?","og_url":"https:\/\/carecenter-okc.org\/es\/news-and-resources\/","og_site_name":"The CARE Center","article_modified_time":"2024-07-26T16:36:09+00:00","twitter_card":"summary_large_image","twitter_misc":{"Tiempo de lectura":"4 minutos"},"schema":{"@context":"https:\/\/schema.org","@graph":[{"@type":"WebPage","@id":"https:\/\/carecenter-okc.org\/news-and-resources\/","url":"https:\/\/carecenter-okc.org\/news-and-resources\/","name":"News and Resources - The CARE Center","isPartOf":{"@id":"https:\/\/carecenter-okc.org\/#website"},"datePublished":"2018-08-29T20:58:50+00:00","dateModified":"2024-07-26T16:36:09+00:00","breadcrumb":{"@id":"https:\/\/carecenter-okc.org\/news-and-resources\/#breadcrumb"},"inLanguage":"es","potentialAction":[{"@type":"ReadAction","target":["https:\/\/carecenter-okc.org\/news-and-resources\/"]}]},{"@type":"BreadcrumbList","@id":"https:\/\/carecenter-okc.org\/news-and-resources\/#breadcrumb","itemListElement":[{"@type":"ListItem","position":1,"name":"Home","item":"https:\/\/carecenter-okc.org\/"},{"@type":"ListItem","position":2,"name":"News and Resources"}]},{"@type":"WebSite","@id":"https:\/\/carecenter-okc.org\/#website","url":"https:\/\/carecenter-okc.org\/","name":"El Centro CARE","description":"Oklahoma County&#039;s Child Advocacy Center","publisher":{"@id":"https:\/\/carecenter-okc.org\/#organization"},"potentialAction":[{"@type":"SearchAction","target":{"@type":"EntryPoint","urlTemplate":"https:\/\/carecenter-okc.org\/?s={search_term_string}"},"query-input":{"@type":"PropertyValueSpecification","valueRequired":true,"valueName":"search_term_string"}}],"inLanguage":"es"},{"@type":"Organization","@id":"https:\/\/carecenter-okc.org\/#organization","name":"El Centro CARE","url":"https:\/\/carecenter-okc.org\/","logo":{"@type":"ImageObject","inLanguage":"es","@id":"https:\/\/carecenter-okc.org\/#\/schema\/logo\/image\/","url":"https:\/\/carecenter-okc.org\/wp-content\/uploads\/2020\/05\/CARELogo_Horiz_A.png","contentUrl":"https:\/\/carecenter-okc.org\/wp-content\/uploads\/2020\/05\/CARELogo_Horiz_A.png","width":9462,"height":2194,"caption":"The CARE Center"},"image":{"@id":"https:\/\/carecenter-okc.org\/#\/schema\/logo\/image\/"}}]}},"_links":{"self":[{"href":"https:\/\/carecenter-okc.org\/es\/wp-json\/wp\/v2\/pages\/916","targetHints":{"allow":["GET"]}}],"collection":[{"href":"https:\/\/carecenter-okc.org\/es\/wp-json\/wp\/v2\/pages"}],"about":[{"href":"https:\/\/carecenter-okc.org\/es\/wp-json\/wp\/v2\/types\/page"}],"author":[{"embeddable":true,"href":"https:\/\/carecenter-okc.org\/es\/wp-json\/wp\/v2\/users\/1"}],"replies":[{"embeddable":true,"href":"https:\/\/carecenter-okc.org\/es\/wp-json\/wp\/v2\/comments?post=916"}],"version-history":[{"count":9,"href":"https:\/\/carecenter-okc.org\/es\/wp-json\/wp\/v2\/pages\/916\/revisions"}],"predecessor-version":[{"id":11729,"href":"https:\/\/carecenter-okc.org\/es\/wp-json\/wp\/v2\/pages\/916\/revisions\/11729"}],"wp:attachment":[{"href":"https:\/\/carecenter-okc.org\/es\/wp-json\/wp\/v2\/media?parent=916"}],"curies":[{"name":"wp","href":"https:\/\/api.w.org\/{rel}","templated":true}]}}